{"id":3460,"date":"2015-04-30T15:10:15","date_gmt":"2015-04-30T13:10:15","guid":{"rendered":"https:\/\/wp.lex.khm.at\/events\/"},"modified":"2024-09-20T10:06:12","modified_gmt":"2024-09-20T08:06:12","slug":"veranstaltungen","status":"publish","type":"page","link":"https:\/\/provenienzforschung.gv.at\/en\/commission-for-provenance-research\/veranstaltungen\/","title":{"rendered":"EVENTS"},"content":{"rendered":"<div role=\"main\" accesskey=\"4\">\t\t<div data-elementor-type=\"wp-page\" data-elementor-id=\"3460\" class=\"elementor elementor-3460 elementor-1501\">\n\t\t\t\t\t\t\t\t\t<section class=\"elementor-section elementor-top-section elementor-element elementor-element-4ac7fcc elementor-section-boxed elementor-section-height-default elementor-section-height-default\" data-id=\"4ac7fcc\" data-element_type=\"section\">\n\t\t\t\t\t\t<div class=\"elementor-container elementor-column-gap-default\">\n\t\t\t\t\t<div class=\"elementor-column elementor-col-33 elementor-top-column elementor-element elementor-element-377a6b5\" data-id=\"377a6b5\" data-element_type=\"column\">\n\t\t\t<div class=\"elementor-widget-wrap elementor-element-populated\">\n\t\t\t\t\t\t\t\t<div class=\"elementor-element elementor-element-467894a elementor-widget elementor-widget-wp-widget-nav_menu\" data-id=\"467894a\" data-element_type=\"widget\" data-widget_type=\"wp-widget-nav_menu.default\">\n\t\t\t\t<div class=\"elementor-widget-container\">\n\t\t\t<div class=\"menu-komission-en-container\"><ul id=\"menu-komission-en\" class=\"menu\"><li id=\"menu-item-5116\" class=\"menu-item menu-item-type-post_type menu-item-object-page menu-item-5116\"><a href=\"https:\/\/provenienzforschung.gv.at\/en\/commission-for-provenance-research\/commission-management\/\">Commission Management<\/a><\/li>\n<li id=\"menu-item-5117\" class=\"menu-item menu-item-type-post_type menu-item-object-page menu-item-5117\"><a href=\"https:\/\/provenienzforschung.gv.at\/en\/commission-for-provenance-research\/buero-der-kommission\/\">Bureau of the Commission<\/a><\/li>\n<li id=\"menu-item-5118\" class=\"menu-item menu-item-type-post_type menu-item-object-page menu-item-5118\"><a href=\"https:\/\/provenienzforschung.gv.at\/en\/commission-for-provenance-research\/federal-collections\/\">FEDERAL COLLECTIONS<\/a><\/li>\n<li id=\"menu-item-5119\" class=\"menu-item menu-item-type-post_type menu-item-object-page menu-item-5119\"><a href=\"https:\/\/provenienzforschung.gv.at\/en\/commission-for-provenance-research\/cooperations\/\">Cooperations<\/a><\/li>\n<li id=\"menu-item-5120\" class=\"menu-item menu-item-type-post_type menu-item-object-page menu-item-5120\"><a href=\"https:\/\/provenienzforschung.gv.at\/en\/commission-for-provenance-research\/commission-publication-series\/\">Commission publication series<\/a><\/li>\n<li id=\"menu-item-5121\" class=\"menu-item menu-item-type-post_type menu-item-object-page menu-item-5121\"><a href=\"https:\/\/provenienzforschung.gv.at\/en\/commission-for-provenance-research\/projects\/\">PROJECTS<\/a><\/li>\n<li id=\"menu-item-5122\" class=\"menu-item menu-item-type-post_type menu-item-object-page menu-item-has-children menu-item-5122\"><a href=\"https:\/\/provenienzforschung.gv.at\/en\/commission-for-provenance-research\/veranstaltungen\/\">EVENTS<\/a>\n<ul class=\"sub-menu\">\n\t<li id=\"menu-item-5824\" class=\"menu-item menu-item-type-post_type menu-item-object-page menu-item-5824\"><a href=\"https:\/\/provenienzforschung.gv.at\/en\/commission-for-provenance-research\/veranstaltungen\/veranstaltungsarchiv\/\">Event archive<\/a><\/li>\n<\/ul>\n<\/li>\n<li id=\"menu-item-5123\" class=\"menu-item menu-item-type-post_type menu-item-object-page menu-item-5123\"><a href=\"https:\/\/provenienzforschung.gv.at\/en\/commission-for-provenance-research\/network-of-european-restitution-committees-on-nazi-looted-art\/\">Network of European Restitution Committees on Nazi-Looted Art<\/a><\/li>\n<\/ul><\/div>\t\t<\/div>\n\t\t\t\t<\/div>\n\t\t\t\t\t<\/div>\n\t\t<\/div>\n\t\t\t\t<div class=\"elementor-column elementor-col-66 elementor-top-column elementor-element elementor-element-723c941\" data-id=\"723c941\" data-element_type=\"column\">\n\t\t\t<div class=\"elementor-widget-wrap elementor-element-populated\">\n\t\t\t\t\t\t\t\t<div class=\"elementor-element elementor-element-993b92d elementor-widget elementor-widget-image\" data-id=\"993b92d\" data-element_type=\"widget\" data-widget_type=\"image.default\">\n\t\t\t\t<div class=\"elementor-widget-container\">\n\t\t\t\t\t\t\t\t\t\t\t\t\t\t\t<img decoding=\"async\" loading=\"lazy\" width=\"768\" height=\"263\" src=\"https:\/\/provenienzforschung.gv.at\/wp-content\/uploads\/KfP-Provenienz-cDaniel-Sanwald-768x263-1.png\" class=\"attachment-large size-large wp-image-6362\" alt=\"\" srcset=\"https:\/\/provenienzforschung.gv.at\/wp-content\/uploads\/KfP-Provenienz-cDaniel-Sanwald-768x263-1.png 768w, https:\/\/provenienzforschung.gv.at\/wp-content\/uploads\/KfP-Provenienz-cDaniel-Sanwald-768x263-1-300x103.png 300w\" sizes=\"(max-width: 768px) 100vw, 768px\" \/>\t\t\t\t\t\t\t\t\t\t\t\t\t\t\t<\/div>\n\t\t\t\t<\/div>\n\t\t\t\t\t<\/div>\n\t\t<\/div>\n\t\t\t\t\t\t\t<\/div>\n\t\t<\/section>\n\t\t\t\t<section class=\"elementor-section elementor-top-section elementor-element elementor-element-43253e0 elementor-section-boxed elementor-section-height-default elementor-section-height-default\" data-id=\"43253e0\" data-element_type=\"section\">\n\t\t\t\t\t\t<div class=\"elementor-container elementor-column-gap-default\">\n\t\t\t\t\t<div class=\"elementor-column elementor-col-100 elementor-top-column elementor-element elementor-element-3a77681\" data-id=\"3a77681\" data-element_type=\"column\">\n\t\t\t<div class=\"elementor-widget-wrap elementor-element-populated\">\n\t\t\t\t\t\t\t\t<div class=\"elementor-element elementor-element-b76b4e5 page_title elementor-widget elementor-widget-heading\" data-id=\"b76b4e5\" data-element_type=\"widget\" data-widget_type=\"heading.default\">\n\t\t\t\t<div class=\"elementor-widget-container\">\n\t\t\t<h1 class=\"elementor-heading-title elementor-size-default\">EVENTS<\/h1>\t\t<\/div>\n\t\t\t\t<\/div>\n\t\t\t\t\t<\/div>\n\t\t<\/div>\n\t\t\t\t\t\t\t<\/div>\n\t\t<\/section>\n\t\t\t\t<section class=\"elementor-section elementor-top-section elementor-element elementor-element-5e2d044 elementor-section-boxed elementor-section-height-default elementor-section-height-default\" data-id=\"5e2d044\" data-element_type=\"section\">\n\t\t\t\t\t\t<div class=\"elementor-container elementor-column-gap-default\">\n\t\t\t\t\t<div class=\"elementor-column elementor-col-33 elementor-top-column elementor-element elementor-element-8baf592\" data-id=\"8baf592\" data-element_type=\"column\">\n\t\t\t<div class=\"elementor-widget-wrap\">\n\t\t\t\t\t\t\t\t\t<\/div>\n\t\t<\/div>\n\t\t\t\t<div class=\"elementor-column elementor-col-66 elementor-top-column elementor-element elementor-element-25022de\" data-id=\"25022de\" data-element_type=\"column\">\n\t\t\t<div class=\"elementor-widget-wrap elementor-element-populated\">\n\t\t\t\t\t\t\t\t<div class=\"elementor-element elementor-element-1b8b5594 elementor-widget elementor-widget-text-editor\" data-id=\"1b8b5594\" data-element_type=\"widget\" data-widget_type=\"text-editor.default\">\n\t\t\t\t<div class=\"elementor-widget-container\">\n\t\t\t\t\t\t\t<p>The Commission for Provenance Research regularly stages public events and, as part of the research community, also organizes or co-organizes conferences or workshops.<\/p>\n<p>If you would like to be notified via e-mail of the current events of the Commission for Provenance Research please send an e-mail to: <a href=\"mailto:provenienzforschung@bda.gv.at\">provenienzforschung@bda.gv.at<\/a>.<br>If you no longer wish to receive emails with event information, please also send a message to: <a href=\"mailto:provenienzforschung@bda.gv.at\">provenienzforschung@bda.gv.at<\/a>.<\/p>\n<h3>&nbsp;<\/h3>\n<p><strong>CURRENT EVENTS:<\/strong><\/p>\n<p><strong>Saturday, 5 October 2024, 9 PM<\/strong><br>Volkskundemuseum Graz<\/p>\n<p><strong>The unheard of things. A different kind of provenance research <br><\/strong>This theater performance is about looted art and everyday objects from former Jewish property in the region. <\/p>\n<p><a href=\"https:\/\/www.theater-im-bahnhof.com\/de\/production\/die-unerhoerten-dinge\" target=\"_blank\" rel=\"noopener\">Program<\/a><br><a href=\"https:\/\/provenienzforschung.gv.at\/kommission\/projekte\/\">Project<\/a><br><a href=\"https:\/\/kuma.at\/magazin\/beitrag\/kritik-die-unerhorten-dinge-tib-2024-09-10\" target=\"_blank\" rel=\"noopener\">Review<\/a><\/p>\n<hr>\n<p><strong>Ceremony: 25 years of the Art Restitution Act<\/strong><br>The Art Restitution Act is still unique in the world today. It came into force on 5 December 1998. To mark its 25th anniversary, the Federal Ministry for Arts, Culture, the Civil Service and Sport hosted a ceremony at the former L\u00e4nderbank headquarters in Vienna&#8217;s Hohenstaufengasse on 5 December 2023.<\/p>\n<p><a href=\"https:\/\/www.bmkoes.gv.at\/kunst-und-kultur\/Neuigkeiten\/25-jahre-kunstrueckgabegesetz.html\" target=\"_blank\" rel=\"noopener\">Text<\/a><\/p>\n<hr>\n<p><strong>Kunst, Raub und R\u00fcckgabe \u2013 Vergessene Lebensgeschichten: Marianne Schmidl (1890\u20131942) | ARD Mediathek<br><\/strong><span style=\"font-family: var( --e-global-typography-text-font-family ), Sans-serif; font-size: var( --e-global-typography-text-font-size );\">In the series &#8220;Kunst, Raub und R\u00fcckgabe \u2013 Vergessene Lebensgeschichten&#8221;, a cooperative project of the Stiftung Preu\u00dfischer Kulturbesitz and Bayerische Staatsgem\u00e4ldesammlungen in collaboration with Bayerischer Rundfunk (BR) and Rundfunk Berlin-Brandenburg (RBB), the life story of Viennese ethnologist Marianne Schmidl was recorded based on the research of provenance researcher Julia E\u00dfl, who works for the Commission at the Albertina.<\/span><\/p>\n<p><a href=\"https:\/\/www.ardmediathek.de\/video\/kunst-raub-und-rueckgabe-vergessene-lebensgeschichten\/marianne-schmidl-1890-1942\/rbb\/Y3JpZDovL3JiYl9mZWE5OTgxYy05YjdjLTQzYjAtOTc2YS0xM2I1NDc0YzdiYzRfcHVibGljYXRpb24\" target=\"_blank\" rel=\"noopener\">Report<\/a><br><a href=\"https:\/\/provenienzforschung.gv.at\/beiratsbeschluesse\/Schmidl_Marianne_2013-03-08.pdf\" target=\"_blank\" rel=\"noopener\">Decision<\/a><\/p>\n<hr>\n<h3><strong>Wednesday, April 12, 2023<\/strong><\/h3>\n<p><strong>5th International Provenance Research Day 2023<br><\/strong><\/p>\n<p>Beitrag auf Retour. Freier Blog f\u00fcr Provenienzforschende<strong><br>Der Sonderauftrag M\u00fcnzen. Quellen im Archiv des Kunsthistorischen Museums Wien<\/strong><br>Susanne Hehenberger<\/p>\n<p>Anhand der im KHM-Archiv \u00fcberlieferten Quellen zum sogenannten Sonderauftrag M\u00fcnzen skizziert Archivarin Susanne Hehenberger die geplante Errichtung eines M\u00fcnzkabinetts im Kunstmuseum Linz, mit welcher der Erste Direktor des Kunsthistorischen Museums in Wien Fritz Dworschak 1942 beauftragt wurde. Der Beitrag widmet sich den Mitarbeiter\/innen des Sonderauftrags, ihren Aufgaben und den Orten, wo die f\u00fcr Linz akquirierten M\u00fcnzen, Medaillen und numismatischen B\u00fccher deponiert waren.<\/p>\n<div><a href=\"https:\/\/retour.hypotheses.org\/2425\" target=\"_blank\" rel=\"noopener\">https:\/\/retour.hypotheses.org\/2425<\/a><\/div>\n<div>&nbsp;<\/div>\n<div>Further events on Provenance Research Day 2023 can be found on the website of the Arbeitskreis Provenienzforschung e.V.: <a href=\"https:\/\/www.arbeitskreis-provenienzforschung.org\/veranstaltungen\/\" target=\"_blank\" rel=\"noopener\">www.arbeitskreis-provenienzforschung.org\/veranstaltungen\/<\/a><\/div>\n<hr>\n<h3><strong>Wednesday, April 13, 2022<\/strong><\/h3>\n<p><strong>4th International Provenance Research Day 2022<\/strong><\/p>\n<div>\n<p>13. April, 16 Uhr<br>Neue Burg, Heldenplatz, 1010 Wien<br><strong>Haus der Geschichte \u00d6sterreich in Kooperation mit der Kommission f\u00fcr Provenienzforschung<br>Objekte mit umstrittener Geschichte: Kuratorenf\u00fchrung zum Tag der Provenienzforschung<\/strong><br>Stefan Benedik<\/p>\n<p>Die NS-Verfolgung ging mit einer systematischen Beraubung der Opfer Hand in Hand \u2013 betroffen davon waren Immobilien, aber auch Objekte, die heute in Museen gezeigt werden. Provenienzforschung bem\u00fcht sich, die Besitzgeschichte von solchen Gegenst\u00e4nden zu kl\u00e4ren. Ausgehend von einem <a href=\"https:\/\/hdgoe.at\/bild_sucht_herkunft\" target=\"_blank\" rel=\"noopener\">aktuellen Fall<\/a> stellt dieser Rundgang mit Stefan Benedik am Tag der Provenienzforschung Fragen nach dem Umgang in der Gegenwart: Wie k\u00f6nnen Museen durch die R\u00fcckgabe von Objekten verantwortungsbewusst handeln? <br><a href=\"https:\/\/www.hdgoe.at\/kuratorenfuehrung_zum_tag_der_provenienzforschung\" target=\"_blank\" rel=\"noopener\">https:\/\/www.hdgoe.at\/kuratorenfuehrung_zum_tag_der_provenienzforschung<\/a><\/p>\n<\/div>\n<div><strong><br><\/strong>12. April 2022, 16 Uhr<br>F\u00fchrung in der Neuen Burg (Eingang Weltmuseum Wien), 1010 Wien<br><strong>Kunsthistorisches Museum Wien<br>Herkunftsgeschichten in der Neuen Burg. Objekte und Quellen zur Provenienzforschung <br><\/strong>Monika L\u00f6scher und Susanne Hehenberger<strong><br><\/strong><strong><br><\/strong><\/div>\n<div>Auf dem Weg ins Archiv sehen wir einen Schild, einen Hammerfl\u00fcgel und Luster. Was passierte mit diesen Objekten in der NS-Zeit und was geschah mit ihnen nach 1945? Wann und auf welchem Wege kamen sie in die Neue Burg und warum geh\u00f6ren sie heute zum Bestand bzw. zur Ausstattung des Kunsthistorischen Museums Wien? Die F\u00fchrung bietet die M\u00f6glichkeit, die Herkunftsgeschichte der Objekte vor Ort zu betrachten und im Archiv einen Einblick in wichtige Quellen der Provenienzforschung zu gewinnen. <br><a href=\"https:\/\/www.khm.at\/erfahren\/forschung\/provenienzforschung\/tag-der-provenienzforschung\/\" target=\"_blank\" rel=\"noopener\">https:\/\/www.khm.at\/erfahren\/forschung\/provenienzforschung\/tag-der-provenienzforschung\/<\/a><\/div>\n<div>&nbsp;<\/div>\n<div>\n<p>13. April 2022<br>Beitrag auf RETOUR. Freier Blog f\u00fcr Provenienzforschende<strong><strong><br>Kunsthistorisches Museum Wien<br><\/strong>Quellen zu den Wiener Rothschilds im Archiv des Kunsthistorischen Museums Wien<br><\/strong>Susanne Hehenberger<\/p>\n<p>Aktuell findet im J\u00fcdischen Museum Wien die Ausstellung \u00bb<a href=\"https:\/\/www.jmw.at\/ausstellung\/die_wiener_rothschilds_ein_krimi\" target=\"_blank\" rel=\"noopener\">Die Wiener Rothschilds. Ein Krimi <\/a>\u00ab statt, in der auch Leihgaben aus dem Archiv des Kunsthistorischen Museums Wien zu sehen sind. Diesen und einigen weiteren Quellen widmet sich der Blogbeitrag. <br><a href=\"https:\/\/retour.hypotheses.org\/1779\" target=\"_blank\" rel=\"noopener\">https:\/\/retour.hypotheses.org\/1779<\/a><\/p>\n<p>14. April 2022, 18 Uhr<br>Online-Vortrag auf Zoom in der Reihe <a href=\"https:\/\/www.khm.at\/erfahren\/kunstvermittlung\/donnerstagabend-im-museum\/\" target=\"_blank\" rel=\"noopener\">Donnerstagabend im Museum<\/a><br><strong>\u201eNotizen \u00fcber einige meiner Kunstgegenst\u00e4nde\u201c<\/strong><br><strong>Der Katalog \u00fcber die Kunstsammlung Nathaniel Rothschild<\/strong><br>Monika L\u00f6scher<\/p>\n<p>Die Rothschild\u2019schen Kunstsammlungen in Wien sind der erste Fall, mit dem sich der Kunstr\u00fcckgabebeirat im Jahr 1999 besch\u00e4ftigte. Insgesamt wurden damals aus den \u00f6sterreichischen Bundesmuseen 251 Objekte an die Rechtsnachfolger*innen zur R\u00fcckgabe empfohlen. Unbemerkt blieb dabei ein gedruckter Katalog \u00fcber die umfangreiche Kunstsammlung Nathaniel Rothschild aus dem Jahr 1903. Dieser kam 1938 im Zuge der Beschlagnahme an das Kunsthistorische Museum, ein Dossier wurde nun bei der letzten Beiratssitzung vorgelegt.<\/p>\n<p>Anl\u00e4sslich des Internationalen Tages der Provenienzforschung am 13. April 2022 sollen Ergebnisse der letzten 22 Jahre Provenienzforschung und neue Erkenntnisse im Falle Rothschild gezeigt werden.<br><a href=\"https:\/\/www.khm.at\/erfahren\/forschung\/provenienzforschung\/tag-der-provenienzforschung\/\" target=\"_blank\" rel=\"noopener\">https:\/\/www.khm.at\/erfahren\/forschung\/provenienzforschung\/tag-der-provenienzforschung\/<\/a><\/p>\n<p>Weitere Veranstaltungen am Tag der Provenienzforschung 2022 finden Sie auf der Website des Arbeitskreises Provenienzforschung e.V.: <a href=\"https:\/\/www.arbeitskreis-provenienzforschung.org\/veranstaltungen\/\" target=\"_blank\" rel=\"noopener\">www.arbeitskreis-provenienzforschung.org\/veranstaltungen\/<\/a><\/p>\n<hr>\n<\/div>\n<h3>Tuesday, January 25, 2022<\/h3>\n<p>House of Austrian History, Foyer, Neue Burg, Heldenplatz, 1010 Vienna<\/p>\n<p><strong>Nazi looted art? A picture searches for its origin <br><\/strong>On the basis of an actual case, a small joint exhibition by the Commission for Provenance Research and the House of Austrian History looks at the way private individuals can deal with objects in their possession that might have been acquired through \u201cAryanisation\u201d or emergency sales by persecuted persons.<\/p>\n<p><a href=\"https:\/\/www.hdgoe.at\/bild_sucht_herkunft\" target=\"_blank\" rel=\"noopener\">&gt;&gt; &gt;&gt; Exhibition<\/a><\/p>\n<p><a href=\"https:\/\/www.hdgoe.at\/provenienzforschung\" target=\"_blank\" rel=\"noopener\">&gt;&gt; &gt;&gt; Blog<\/a><\/p>\n<hr>\n<h3><strong>Friday, January 21, 2022<\/strong><\/h3>\n<p>Jewish Museum Vienna, Dorotheergasse 11, 1010 Vienna<\/p>\n<p><strong>Handing over to the Jewish Museum Vienna of a restituted masterpiece of the Vienna Romantic period<\/strong><\/p>\n<p>In March 2013, the Art Restitution Advisory Board recommended the return of a drawing belonging to Adella Feuer found in the Albertina during the proactive investigation carried out by the Commission for Provenance Research. The heirs identified by the Vienna Jewish Community decided to donate the drawing to the Jewish Museum Vienna in memory of the Jewish population expelled from Vienna.<\/p>\n<p><a href=\"https:\/\/www.jmw.at\/jart\/prj3\/jmw\/main.jart?rel=de&amp;reserve-mode=active&amp;content-id=1615115463664&amp;presse_id=1641498666547\" target=\"_blank\" rel=\"noopener\">&gt;&gt; &gt;&gt; Report<\/a><\/p>\n<hr>\n<h3>Friday, November 5, 2021, 13.35\u201313.55 PM<\/h3>\n<p>Online-Conference: Provenienzforschung zu Max Liebermann und seinem Netzwerk. Berichte aus der Praxis<\/p>\n<p><strong>Julia E\u00dfl<\/strong><br><strong>Objektbeschreibungen \u2013 ein \u201enotwendiges \u00dcbel\u201c<\/strong><\/p>\n<p><a href=\"https:\/\/liebermann-villa.de\/wp-content\/uploads\/Einladung_Konferenz_Liebermann-Villa_Provenienzforschung-zu-Max-Liebermann-2.pdf\" target=\"_blank\" rel=\"noopener\">&gt;&gt; Programm<\/a><\/p>\n<hr>\n<h3>Thursday, October 7, 2021<\/h3>\n<p>Deutsches Schiffahrtsmuseum, Hans-Scharoun-Platz 1, 27568 Bremerhaven<\/p>\n<p><strong>Anneliese Schallmeiner<\/strong><br><strong><span style=\"font-family: var( --e-global-typography-text-font-family ), Sans-serif; font-size: var( --e-global-typography-text-font-size );\">Wien \u2013 Triest \u2013 Klagenfurt \u2013 Wien. Stationen von wertvollem <\/span><span style=\"font-family: var( --e-global-typography-text-font-family ), Sans-serif; font-size: var( --e-global-typography-text-font-size );\">konfiszierten Umzugsgut 1938 bis in die 1960ger Jahre<\/span><\/strong><\/p>\n<p><a href=\"https:\/\/www.dsm.museum\/ausstellung\/ausstellungen\/tagung-der-umgang-mit-umzugsgut-juedischer-emigranten-in-europaeischen-haefen\" target=\"_blank\" rel=\"noopener\">&gt;&gt; Programm<\/a><\/p>\n<hr>\n<h3><strong>Thursday, July 15, 2021<\/strong><\/h3>\n<p>Heimatsaal, Volkskundemuseum, Paulustorgasse 11\u201313a, 8010 Graz<\/p>\n<p><strong>Provenienzforschung in Regionalmuseen<\/strong><br><strong>Ein Einblick in die Praxis mit Monika L\u00f6scher<\/strong><\/p>\n<p>&gt;&gt; <a href=\"https:\/\/www.museum-joanneum.at\/volkskunde\/ihr-besuch\/programm\/events\/event\/10606\/provenienzforschung-in-regionalmuseen\" target=\"_blank\" rel=\"noopener\">Programm<\/a><\/p>\n<hr>\n<h3>Wednesday, June 2, 2021<\/h3>\n<p>Guided Tour Online<\/p>\n<p><strong>Julia E\u00dfl<br><\/strong><strong>ALBERTINA hinter den Kulissen: Provenienzforschung<\/strong><\/p>\n<p>&gt;&gt; <a href=\"https:\/\/www.albertina.at\/besuch\/programm\/online-event-provenienzforschung\/?fbclid=IwAR3wDBUrQe2YcOFZkphumaF81y7Arok44EKVeMfnIZSBW-Ff2nuRNsdxbBE\" target=\"_blank\" rel=\"noopener\">Programm<\/a><\/p>\n<hr>\n<h3>Friday, June 11, 2021<\/h3>\n<p>Online Workshop: Interdisziplin\u00e4re Perspektiven auf Provenienzforschung<\/p>\n<p><strong>Dario Alejandro Luger<\/strong> and <strong>Thomas Mayer<br>Naturwissenschaftliche Perspektiven<\/strong><\/p>\n<p>&gt;&gt; <a href=\"https:\/\/provenienzforschung.gv.at\/wp-content\/uploads\/Einladung-Workshop-Provenienzforschung_compressed.pdf\" target=\"_blank\" rel=\"noopener\">Programm<\/a><\/p>\n<hr>\n<h3>Wednesday, April 14, 2021<\/h3>\n<p><strong>International Day of Provenance Research 2021<\/strong><\/p>\n<p>Der Tag der Provenienzforschung fand auch dieses Jahr in Form von digitalen Initiativen statt.<\/p>\n<p><strong>B\u00fcro der Kommission f\u00fcr Provenienzforschung<br>Blogbeitrag auf RETOUR. Freier Blog f\u00fcr Provenienzforschende <br><\/strong>Elisabeth Schroll<br><a href=\"https:\/\/retour.hypotheses.org\/?p=1438\" target=\"_blank\" rel=\"noopener\">Zur Interaktion zwischen Handel und Archiv<\/a> <strong><br><\/strong>Regelm\u00e4\u00dfig richtet der Kunsthandel Rechercheanfragen an das B\u00fcro der Kommission f\u00fcr Provenienzforschung, wie Sybille Ehringhaus in ihrem Blogbeitrag erz\u00e4hlt. Doch wie werden die Anfragen bearbeitet?<\/p>\n<p><strong>Kunsthistorisches Museum Wien<br>Zoom-Live-Talk zur Provenienzforschung im Museum, 18 Uhr<\/strong><br>Historikerin und Provenienzforscherin Monika L\u00f6scher spricht mit Kunsthistoriker Daniel Uchtmann \u00fcber ihre j\u00fcngste Publikation zum Thema Provenienzforschung in der Sammlung alter Musikinstrumente, die in der Revue d\u2019Histoire de la Shoah erschienen ist.<br>Die Veranstaltung fand via Zoom statt und kann hier abgerufen werden:<br><a href=\"https:\/\/www.youtube.com\/watch?v=kHqhtoYJg6s&amp;t=1613s\">www.youtube.com\/watch?v=kHqhtoYJg6s&amp;t=1613s<\/a><\/p>\n<p><strong>Kunsthistorisches Museum Wien<br>Blogbeitrag auf RETOUR. Freier Blog f\u00fcr Provenienzforschende <\/strong><br>von Archivarin Susanne Hehenberger<br><a href=\"https:\/\/retour.hypotheses.org\/?p=1330\" target=\"_blank\" rel=\"noopener\">Warum der Graf von Sinzendorf dreimal ins Kunsthistorische Museum kam<\/a><\/p>\n<p><a href=\"https:\/\/www.khm.at\/erfahren\/forschung\/provenienzforschung\/tag-der-provenienzforschung\/\" target=\"_blank\" rel=\"noopener\">www.khm.at\/erfahren\/forschung\/provenienzforschung\/tag-der-provenienzforschung\/<\/a><\/p>\n<p><strong>MAK \u2013 Museum f\u00fcr angewandte Kunst<br>Relaunch des Kapitels \u201eProvenienzforschung und Restitution im MAK\u201c auf MAK.at<br><\/strong>Theresa Schn\u00f6ll, Leonhard Weidinger<strong><br><\/strong>Das Kapitel \u201eProvenienzforschung und Restitution\u201c auf der Website des MAK wurde komplett \u00fcberarbeitet und zus\u00e4tzlich zu den F\u00e4llen seit 1999 um Berichte zu den R\u00fcckgaben der Nachkriegszeit erweitert.<strong><br><\/strong><a href=\"https:\/\/mak.at\/provenienzforschung\" target=\"_blank\" rel=\"noopener\">mak.at\/provenienzforschung<\/a><strong><br><\/strong><\/p>\n<p>Institutions\u00fcbergreifender Blog mit Bezug zur <strong>Albertina<\/strong>:<br><strong>Lenbachhaus M\u00fcnchen, Staatliche Kunstsammlungen Dresden<\/strong><br><strong>Erinnerung leben<br><\/strong>Katja Lindenau (Staatliche Kunstsammlungen Dresden) und Melanie Wittchow (Lenbachhaus)<br><a href=\"https:\/\/www.lenbachhaus.de\/blog\/erinnerung-leben-der-kunstsammler-carl-heumann-und-seine-familie-heute\" target=\"_blank\" rel=\"noopener\">Der Kunstsammler Carl Heumann und seine Familie heute. Ein Gespr\u00e4ch mit der Enkeltochter Carol Heumann Snider <\/a><\/p>\n<p>Weitere Veranstaltungen am Tag der Provenienzforschung 2021 finden Sie auf der Website des Arbeitskreises Provenienzforschung e.V.: <a href=\"https:\/\/www.arbeitskreis-provenienzforschung.org\/veranstaltungen\/\" target=\"_blank\" rel=\"noopener\">www.arbeitskreis-provenienzforschung.org\/veranstaltungen\/<\/a><\/p>\n<hr>\n<h3>ONLINE<\/h3>\n<p>Donnerstagabend im Museum<br><strong>Provenienzforscherin Monika L\u00f6scher und Kunsthistoriker Daniel Uchtmann im Gespr\u00e4ch im Kunsthistorischen Museum Wien<\/strong><\/p>\n<p>&gt;&gt; <a href=\"https:\/\/www.museumsfernsehen.de\/provenienzforscherin-monika-loescher-und-kunsthistoriker-daniel-uchtmann-im-gespraech-im-kunsthistorischen-museum-wien\/\" target=\"_blank\" rel=\"noopener\">&gt;&gt; Talk<\/a><\/p>\n<hr>\n<h3>Wednesday, October 28, 2020, 12.15 PM<\/h3>\n<p>Vortragssaal (Kinosaal) des Naturhistorischen Museums Wien, Burgring 7, 1010 Wien<\/p>\n<p><strong>LUNCHTIME TALK<\/strong> with <strong>Thomas Mayer<\/strong> and <strong>Dario Alejandro Luger<\/strong><br><strong>Spurensuche. Provenienzforschung am Naturhistorischen Museum in Wien 2017\u20132020 <br><\/strong><br>&gt;&gt; <a href=\"http:\/\/www.provenienzforschung.gv.at\/wp-content\/uploads\/201012-2_Programm_Mittagsgespr%C3%A4ch_Oktober_A5_BF.pdf\" target=\"_blank\" rel=\"noopener\">Programm Mittagsgespr\u00e4ch 28.10.2020<\/a><\/p>\n<h3>Canceled!!!<\/h3>\n<p>Aufgrund der aktuellen COVID-19 Situation muss die Veranstaltung auf unbestimmte Zeit verschoben werden.<\/p>\n<hr>\n<p>3Kunst, Raub und R\u00fcckgabe \u2013 Vergessene Lebensgeschichten<\/p>\t\t\t\t\t\t<\/div>\n\t\t\t\t<\/div>\n\t\t\t\t\t<\/div>\n\t\t<\/div>\n\t\t\t\t\t\t\t<\/div>\n\t\t<\/section>\n\t\t\t\t<section class=\"elementor-section elementor-top-section elementor-element elementor-element-2bc34faa elementor-section-boxed elementor-section-height-default elementor-section-height-default\" data-id=\"2bc34faa\" data-element_type=\"section\">\n\t\t\t\t\t\t<div class=\"elementor-container elementor-column-gap-default\">\n\t\t\t\t\t<div class=\"elementor-column elementor-col-100 elementor-top-column elementor-element elementor-element-26ce760d\" data-id=\"26ce760d\" data-element_type=\"column\">\n\t\t\t<div class=\"elementor-widget-wrap\">\n\t\t\t\t\t\t\t\t\t<\/div>\n\t\t<\/div>\n\t\t\t\t\t\t\t<\/div>\n\t\t<\/section>\n\t\t\t\t\t\t\t<\/div>\n\t\t<\/div>","protected":false},"excerpt":{"rendered":"<p class=\"excerpt\">EVENTS The Commission for Provenance Research regularly stages public events and, as part of the research community, also organizes or co-organizes conferences or workshops. If you would like to be notified via e-mail of the current events of the Commission for Provenance Research please send an e-mail to: provenienzforschung@bda.gv.at.If you no longer wish to receive [&hellip;]<\/p>\n","protected":false},"author":1,"featured_media":0,"parent":3271,"menu_order":7,"comment_status":"open","ping_status":"open","template":"","meta":{"inline_featured_image":false,"footnotes":""},"_links":{"self":[{"href":"https:\/\/provenienzforschung.gv.at\/en\/wp-json\/wp\/v2\/pages\/3460"}],"collection":[{"href":"https:\/\/provenienzforschung.gv.at\/en\/wp-json\/wp\/v2\/pages"}],"about":[{"href":"https:\/\/provenienzforschung.gv.at\/en\/wp-json\/wp\/v2\/types\/page"}],"author":[{"embeddable":true,"href":"https:\/\/provenienzforschung.gv.at\/en\/wp-json\/wp\/v2\/users\/1"}],"replies":[{"embeddable":true,"href":"https:\/\/provenienzforschung.gv.at\/en\/wp-json\/wp\/v2\/comments?post=3460"}],"version-history":[{"count":65,"href":"https:\/\/provenienzforschung.gv.at\/en\/wp-json\/wp\/v2\/pages\/3460\/revisions"}],"predecessor-version":[{"id":11486,"href":"https:\/\/provenienzforschung.gv.at\/en\/wp-json\/wp\/v2\/pages\/3460\/revisions\/11486"}],"up":[{"embeddable":true,"href":"https:\/\/provenienzforschung.gv.at\/en\/wp-json\/wp\/v2\/pages\/3271"}],"wp:attachment":[{"href":"https:\/\/provenienzforschung.gv.at\/en\/wp-json\/wp\/v2\/media?parent=3460"}],"curies":[{"name":"wp","href":"https:\/\/api.w.org\/{rel}","templated":true}]}}